{"id":43,"date":"2026-03-18T23:20:19","date_gmt":"2026-03-18T23:20:19","guid":{"rendered":"https:\/\/blog.uvm.edu\/HispanicWorlds\/?page_id=43"},"modified":"2026-08-31T12:25:02","modified_gmt":"2026-08-31T12:25:02","slug":"podcasts","status":"publish","type":"page","link":"https:\/\/blog.uvm.edu\/HispanicWorlds\/podcasts\/","title":{"rendered":"Podcasts"},"content":{"rendered":"\n<div class=\"wp-block-buttons has-custom-font-size is-horizontal is-content-justification-center is-layout-flex wp-container-core-buttons-is-layout-b07f0535 wp-block-buttons-is-layout-flex\" id=\"Podcasts\" style=\"font-size:13px;text-decoration:underline\">\n<div class=\"wp-block-button is-style-fill\"><a class=\"wp-block-button__link has-black-color has-text-color has-background has-link-color has-medium-font-size has-custom-font-size wp-element-button\" href=\"#Podcast_1\" style=\"border-top-left-radius:0px;border-top-right-radius:0px;border-bottom-left-radius:0px;border-bottom-right-radius:0px;background-color:#ffd900\">Podcast 1<\/a><\/div>\n\n\n\n<div class=\"wp-block-button is-style-fill\"><a class=\"wp-block-button__link has-black-color has-text-color has-background has-link-color has-medium-font-size has-custom-font-size wp-element-button\" href=\"#Podcast_2\" style=\"border-top-left-radius:0px;border-top-right-radius:0px;border-bottom-left-radius:0px;border-bottom-right-radius:0px;background-color:#ffd900\">Podcast 2<\/a><\/div>\n\n\n\n<div class=\"wp-block-button is-style-fill\"><a class=\"wp-block-button__link has-black-color has-text-color has-background has-link-color has-medium-font-size has-custom-font-size wp-element-button\" href=\"#Podcast_3\" style=\"border-top-left-radius:0px;border-top-right-radius:0px;border-bottom-left-radius:0px;border-bottom-right-radius:0px;background-color:#ffd900\">Podcast 3<\/a><\/div>\n\n\n\n<div class=\"wp-block-button is-style-fill\"><a class=\"wp-block-button__link has-black-color has-text-color has-background has-link-color has-medium-font-size has-custom-font-size wp-element-button\" href=\"#Podcast_4\" style=\"border-top-left-radius:0px;border-top-right-radius:0px;border-bottom-left-radius:0px;border-bottom-right-radius:0px;background-color:#ffd900\">Podcast 4<\/a><\/div>\n\n\n\n<div class=\"wp-block-button is-style-fill\"><a class=\"wp-block-button__link has-black-color has-text-color has-background has-link-color has-medium-font-size has-custom-font-size wp-element-button\" href=\"#Podcast_5\" style=\"border-top-left-radius:0px;border-top-right-radius:0px;border-bottom-left-radius:0px;border-bottom-right-radius:0px;background-color:#ffd900\">Podcast 5<\/a><\/div>\n\n\n\n<div class=\"wp-block-button is-style-fill\"><a class=\"wp-block-button__link has-black-color has-text-color has-background has-link-color has-medium-font-size has-custom-font-size wp-element-button\" href=\"#Podcast_6\" style=\"border-top-left-radius:0px;border-top-right-radius:0px;border-bottom-left-radius:0px;border-bottom-right-radius:0px;background-color:#ffd900\">Podcast 6<\/a><\/div>\n\n\n\n<div class=\"wp-block-button is-style-fill\"><a class=\"wp-block-button__link has-black-color has-text-color has-background has-link-color has-medium-font-size has-custom-font-size wp-element-button\" href=\"#Podcast_7\" style=\"border-top-left-radius:0px;border-top-right-radius:0px;border-bottom-left-radius:0px;border-bottom-right-radius:0px;background-color:#ffd900\">Podcast 7<\/a><\/div>\n\n\n\n<div class=\"wp-block-button is-style-fill\"><a class=\"wp-block-button__link has-black-color has-text-color has-background has-link-color has-medium-font-size has-custom-font-size wp-element-button\" href=\"#Podcast_8\" style=\"border-top-left-radius:0px;border-top-right-radius:0px;border-bottom-left-radius:0px;border-bottom-right-radius:0px;background-color:#ffd900\">Podcast 8<\/a><\/div>\n\n\n\n<div class=\"wp-block-button is-style-fill\"><a class=\"wp-block-button__link has-black-color has-text-color has-background has-link-color has-medium-font-size has-custom-font-size wp-element-button\" href=\"#Podcast_9\" style=\"border-top-left-radius:0px;border-top-right-radius:0px;border-bottom-left-radius:0px;border-bottom-right-radius:0px;background-color:#ffd900\">Podcast 9<\/a><\/div>\n\n\n\n<div class=\"wp-block-button is-style-fill\"><a class=\"wp-block-button__link has-black-color has-text-color has-background has-link-color has-medium-font-size has-custom-font-size wp-element-button\" href=\"#Podcast_10\" style=\"border-top-left-radius:0px;border-top-right-radius:0px;border-bottom-left-radius:0px;border-bottom-right-radius:0px;background-color:#ffd900\">Podcast 10<\/a><\/div>\n\n\n\n<div class=\"wp-block-button is-style-fill\"><a class=\"wp-block-button__link has-black-color has-text-color has-background has-link-color has-medium-font-size has-custom-font-size wp-element-button\" href=\"#Podcast_11\" style=\"border-top-left-radius:0px;border-top-right-radius:0px;border-bottom-left-radius:0px;border-bottom-right-radius:0px;background-color:#ffd900\">Podcast 11<\/a><\/div>\n\n\n\n<div class=\"wp-block-button is-style-fill\"><a class=\"wp-block-button__link has-black-color has-text-color has-background has-link-color has-medium-font-size has-custom-font-size wp-element-button\" href=\"#Podcast_12\" style=\"border-top-left-radius:0px;border-top-right-radius:0px;border-bottom-left-radius:0px;border-bottom-right-radius:0px;background-color:#ffd900\">Podcast 12<\/a><\/div>\n\n\n\n<div class=\"wp-block-button is-style-fill\"><a class=\"wp-block-button__link has-black-color has-text-color has-background has-link-color has-medium-font-size has-custom-font-size wp-element-button\" href=\"#Podcast_13\" style=\"border-top-left-radius:0px;border-top-right-radius:0px;border-bottom-left-radius:0px;border-bottom-right-radius:0px;background-color:#ffd900\">Podcast 13<\/a><\/div>\n\n\n\n<div class=\"wp-block-button is-style-fill\"><a class=\"wp-block-button__link has-black-color has-text-color has-background has-link-color has-medium-font-size has-custom-font-size wp-element-button\" href=\"#Podcast_14\" style=\"border-top-left-radius:0px;border-top-right-radius:0px;border-bottom-left-radius:0px;border-bottom-right-radius:0px;background-color:#ffd900\">Podcast 14<\/a><\/div>\n\n\n\n<div class=\"wp-block-button is-style-fill\"><a class=\"wp-block-button__link has-black-color has-text-color has-background has-link-color has-medium-font-size has-custom-font-size wp-element-button\" href=\"#Podcast_15\" style=\"border-top-left-radius:0px;border-top-right-radius:0px;border-bottom-left-radius:0px;border-bottom-right-radius:0px;background-color:#ffd900\">Podcast 15<\/a><\/div>\n\n\n\n<div class=\"wp-block-button is-style-fill\"><a class=\"wp-block-button__link has-black-color has-text-color has-background has-link-color has-medium-font-size has-custom-font-size wp-element-button\" href=\"#Podcast_16\" style=\"border-top-left-radius:0px;border-top-right-radius:0px;border-bottom-left-radius:0px;border-bottom-right-radius:0px;background-color:#ffd900\">Podcast 16<\/a><\/div>\n\n\n\n<div class=\"wp-block-button is-style-fill\"><a class=\"wp-block-button__link has-black-color has-text-color has-background has-link-color has-medium-font-size has-custom-font-size wp-element-button\" href=\"#Podcast_17\" style=\"border-top-left-radius:0px;border-top-right-radius:0px;border-bottom-left-radius:0px;border-bottom-right-radius:0px;background-color:#ffd900\">Podcast 17<\/a><\/div>\n\n\n\n<div class=\"wp-block-button is-style-fill\"><a class=\"wp-block-button__link has-black-color has-text-color has-background has-link-color has-medium-font-size has-custom-font-size wp-element-button\" href=\"#Podcast_18\" style=\"border-top-left-radius:0px;border-top-right-radius:0px;border-bottom-left-radius:0px;border-bottom-right-radius:0px;background-color:#ffd900\">Podcast 18<\/a><\/div>\n\n\n\n<div class=\"wp-block-button is-style-fill\"><a class=\"wp-block-button__link has-black-color has-text-color has-background has-link-color has-medium-font-size has-custom-font-size wp-element-button\" href=\"#Podcast_19\" style=\"border-top-left-radius:0px;border-top-right-radius:0px;border-bottom-left-radius:0px;border-bottom-right-radius:0px;background-color:#ffd900\">Podcast 19<\/a><\/div>\n\n\n\n<div class=\"wp-block-button is-style-fill\"><a class=\"wp-block-button__link has-black-color has-text-color has-background has-link-color has-medium-font-size has-custom-font-size wp-element-button\" href=\"#Podcast_20\" style=\"border-top-left-radius:0px;border-top-right-radius:0px;border-bottom-left-radius:0px;border-bottom-right-radius:0px;background-color:#ffd900\">Podcast 20<\/a><\/div>\n<\/div>\n\n\n\n<div class=\"wp-block-group\"><div class=\"wp-block-group__inner-container is-layout-constrained wp-block-group-is-layout-constrained\">\n<hr class=\"wp-block-separator has-alpha-channel-opacity\" \/>\n\n\n\n<p class=\"has-medium-font-size wp-block-paragraph\" style=\"font-style:italic;font-weight:500\">Welcome to the heart of <strong>Hispanic Worlds<\/strong> \u2014 our collection of student\u2011produced podcasts created at the University of Vermont (UVM). Here you\u2019ll find every episode recorded by our talented Spanish\u2011language students, each one offering a unique window into the stories, ideas, and voices that shape our community.<\/p>\n\n\n\n<p class=\"has-medium-font-size wp-block-paragraph\" style=\"font-style:italic;font-weight:500\">Explore the episodes below, listen at your own pace, and discover the vibrant voices that make <em>Hispanic Worlds<\/em> a space for connection, learning, and celebration.<\/p>\n\n\n\n<hr class=\"wp-block-separator has-alpha-channel-opacity\" \/>\n<\/div><\/div>\n\n\n\n<div class=\"wp-block-group is-vertical is-content-justification-center is-layout-flex wp-container-core-group-is-layout-524f8de7 wp-block-group-is-layout-flex\">\n<div class=\"wp-block-group is-vertical is-content-justification-right is-layout-flex wp-container-core-group-is-layout-2b4002ad wp-block-group-is-layout-flex\">\n<div class=\"wp-block-group is-vertical is-content-justification-center is-layout-flex wp-container-core-group-is-layout-524f8de7 wp-block-group-is-layout-flex\">\n<div class=\"wp-block-group\"><div class=\"wp-block-group__inner-container is-layout-constrained wp-block-group-is-layout-constrained\">\n<div class=\"wp-block-group is-vertical is-content-justification-center is-layout-flex wp-container-core-group-is-layout-524f8de7 wp-block-group-is-layout-flex\">\n<div class=\"wp-block-group is-vertical is-content-justification-center is-layout-flex wp-container-core-group-is-layout-524f8de7 wp-block-group-is-layout-flex\">\n<div class=\"wp-block-group is-vertical is-content-justification-center is-layout-flex wp-container-core-group-is-layout-524f8de7 wp-block-group-is-layout-flex\">\n<div class=\"wp-block-group\"><div class=\"wp-block-group__inner-container is-layout-constrained wp-block-group-is-layout-constrained\">\n<div class=\"wp-block-group is-vertical is-content-justification-center is-layout-flex wp-container-core-group-is-layout-524f8de7 wp-block-group-is-layout-flex\">\n<div class=\"wp-block-group is-vertical is-content-justification-center is-layout-flex wp-container-core-group-is-layout-524f8de7 wp-block-group-is-layout-flex\">\n<div class=\"wp-block-group\"><div class=\"wp-block-group__inner-container is-layout-constrained wp-block-group-is-layout-constrained\">\n<div class=\"wp-block-group is-vertical is-content-justification-center is-layout-flex wp-container-core-group-is-layout-524f8de7 wp-block-group-is-layout-flex\">\n<div class=\"wp-block-group\"><div class=\"wp-block-group__inner-container is-layout-constrained wp-block-group-is-layout-constrained\">\n<div class=\"wp-block-group is-vertical is-content-justification-center is-layout-flex wp-container-core-group-is-layout-524f8de7 wp-block-group-is-layout-flex\">\n<div class=\"wp-block-group is-vertical is-content-justification-center is-layout-flex wp-container-core-group-is-layout-524f8de7 wp-block-group-is-layout-flex\">\n<div class=\"wp-block-group\"><div class=\"wp-block-group__inner-container is-layout-constrained wp-block-group-is-layout-constrained\">\n<div class=\"wp-block-group is-vertical is-content-justification-center is-layout-flex wp-container-core-group-is-layout-524f8de7 wp-block-group-is-layout-flex\">\n<div class=\"wp-block-group is-vertical is-content-justification-center is-layout-flex wp-container-core-group-is-layout-524f8de7 wp-block-group-is-layout-flex\">\n<h5 class=\"wp-block-heading has-text-align-center has-large-font-size\" id=\"Podcast_20\" style=\"font-style:normal;font-weight:1000;text-decoration:none\">Podcast 20 by Morrison &amp; Orchird<\/h5>\n\n\n\n<div class=\"wp-block-group is-vertical is-content-justification-center is-layout-flex wp-container-core-group-is-layout-20d0575b wp-block-group-is-layout-flex\">\n<h2 class=\"wp-block-heading has-text-align-center has-medium-font-size\" style=\"font-style:normal;font-weight:500\">T\u00edtulo: Entretenimiento en el Mundo Hispanohablante<\/h2>\n\n\n\n<h2 class=\"wp-block-heading has-text-align-center has-medium-font-size\" style=\"font-style:normal;font-weight:500\">Title: Entertainment in the Spanish-speaking Community <\/h2>\n<\/div>\n\n\n\n<div class=\"wp-block-media-text is-stacked-on-mobile\"><figure class=\"wp-block-media-text__media\"><img loading=\"lazy\" decoding=\"async\" width=\"1024\" height=\"1024\" src=\"https:\/\/blog.uvm.edu\/HispanicWorlds\/files\/2026\/08\/Logo_MundosHispanos-2-1024x1024.png\" alt=\"\" class=\"wp-image-178 size-full\" srcset=\"https:\/\/blog.uvm.edu\/HispanicWorlds\/files\/2026\/08\/Logo_MundosHispanos-2-1024x1024.png 1024w, https:\/\/blog.uvm.edu\/HispanicWorlds\/files\/2026\/08\/Logo_MundosHispanos-2-300x300.png 300w, https:\/\/blog.uvm.edu\/HispanicWorlds\/files\/2026\/08\/Logo_MundosHispanos-2-150x150.png 150w, https:\/\/blog.uvm.edu\/HispanicWorlds\/files\/2026\/08\/Logo_MundosHispanos-2-768x768.png 768w, https:\/\/blog.uvm.edu\/HispanicWorlds\/files\/2026\/08\/Logo_MundosHispanos-2-290x290.png 290w, https:\/\/blog.uvm.edu\/HispanicWorlds\/files\/2026\/08\/Logo_MundosHispanos-2.png 1254w\" sizes=\"auto, (max-width: 1024px) 100vw, 1024px\" \/><\/figure><div class=\"wp-block-media-text__content\">\n<p class=\"has-small-font-size wp-block-paragraph\">In this episode, we investigate aspects of the entertainment industry in the Spanish-speaking world. We touch on various topics: we discuss Bad Bunny and his super bowl halftime show, the film industry in&nbsp;Mexico City, the effects of A.I. adoption on the job opportunities of voice actors, and whale watching in Baja California Sur.&nbsp;In our conversation we celebrate the diversity and richness of the entertainment industry, though&nbsp;we&nbsp;also&nbsp;try to draw attention to issues and challenges related to entertainment which have societal implications.<\/p>\n\n\n\n<figure class=\"wp-block-audio\"><audio controls src=\"https:\/\/blog.uvm.edu\/HispanicWorlds\/files\/2026\/08\/Podcast-Eliza-EJ-1.mp3\"><\/audio><\/figure>\n<\/div><\/div>\n\n\n\n<hr class=\"wp-block-separator has-alpha-channel-opacity\" \/>\n\n\n\n<hr class=\"wp-block-separator has-alpha-channel-opacity\" \/>\n<\/div>\n\n\n\n<h5 class=\"wp-block-heading has-text-align-center has-large-font-size\" id=\"Podcast_19\" style=\"font-style:normal;font-weight:1000;text-decoration:none\">Podcast 19 by Volpitta &amp; McGinn<\/h5>\n\n\n\n<div class=\"wp-block-group is-vertical is-content-justification-center is-layout-flex wp-container-core-group-is-layout-20d0575b wp-block-group-is-layout-flex\">\n<h2 class=\"wp-block-heading has-text-align-center has-medium-font-size\" style=\"font-style:normal;font-weight:500\">T\u00edtulo: Bad Bunny, La Idioma y Dialecto, El Flamenco, y Las Carreras de F1&nbsp;en Mexico<\/h2>\n\n\n\n<h2 class=\"wp-block-heading has-text-align-center has-medium-font-size\" style=\"font-style:normal;font-weight:500\">Title: Bad Bunny, Language and Dialect, Flamenco, and Formula 1 Racing&nbsp;in Mexico<\/h2>\n<\/div>\n\n\n\n<div class=\"wp-block-media-text is-stacked-on-mobile\"><figure class=\"wp-block-media-text__media\"><img loading=\"lazy\" decoding=\"async\" width=\"1024\" height=\"1024\" src=\"https:\/\/blog.uvm.edu\/HispanicWorlds\/files\/2026\/08\/Logo_MundosHispanos-2-1024x1024.png\" alt=\"\" class=\"wp-image-178 size-full\" srcset=\"https:\/\/blog.uvm.edu\/HispanicWorlds\/files\/2026\/08\/Logo_MundosHispanos-2-1024x1024.png 1024w, https:\/\/blog.uvm.edu\/HispanicWorlds\/files\/2026\/08\/Logo_MundosHispanos-2-300x300.png 300w, https:\/\/blog.uvm.edu\/HispanicWorlds\/files\/2026\/08\/Logo_MundosHispanos-2-150x150.png 150w, https:\/\/blog.uvm.edu\/HispanicWorlds\/files\/2026\/08\/Logo_MundosHispanos-2-768x768.png 768w, https:\/\/blog.uvm.edu\/HispanicWorlds\/files\/2026\/08\/Logo_MundosHispanos-2-290x290.png 290w, https:\/\/blog.uvm.edu\/HispanicWorlds\/files\/2026\/08\/Logo_MundosHispanos-2.png 1254w\" sizes=\"auto, (max-width: 1024px) 100vw, 1024px\" \/><\/figure><div class=\"wp-block-media-text__content\">\n<p class=\"has-small-font-size wp-block-paragraph\">Today, we will be discussing&nbsp;four topics. We will discuss the&nbsp;future of immigration, sustainable development initiatives, the current wage gap in Mexico, and&nbsp;finally,&nbsp;the digital gap present in the Andes. We will start off by discussing the background of each of these topics, then move to examining the connections between&nbsp;them. We hope you find our episode interesting and enjoy listening!<\/p>\n\n\n\n<figure class=\"wp-block-audio\"><audio controls src=\"https:\/\/blog.uvm.edu\/HispanicWorlds\/files\/2026\/08\/Eden_Sarah_smaller.mp3\"><\/audio><\/figure>\n<\/div><\/div>\n<\/div>\n<\/div><\/div>\n\n\n\n<div class=\"wp-block-group is-vertical is-content-justification-center is-layout-flex wp-container-core-group-is-layout-524f8de7 wp-block-group-is-layout-flex\">\n<hr class=\"wp-block-separator has-alpha-channel-opacity\" \/>\n\n\n\n<hr class=\"wp-block-separator has-alpha-channel-opacity\" \/>\n\n\n\n<h5 class=\"wp-block-heading has-text-align-center has-large-font-size\" id=\"Podcast_18\" style=\"font-style:normal;font-weight:1000;text-decoration:none\">Podcast 18 by Garrard, Pride &amp; Smith<\/h5>\n\n\n\n<h2 class=\"wp-block-heading has-text-align-center has-medium-font-size\" style=\"font-style:normal;font-weight:500\">T\u00edtulo: Desigualdad laboral en Argentina<\/h2>\n\n\n\n<h2 class=\"wp-block-heading has-text-align-center has-medium-font-size\" style=\"font-style:normal;font-weight:500\">Title: Labor Inequalities in Argentina<\/h2>\n<\/div>\n\n\n\n<div class=\"wp-block-media-text has-media-on-the-right is-stacked-on-mobile\"><div class=\"wp-block-media-text__content\">\n<p class=\"has-small-font-size wp-block-paragraph\">Our podcast discusses the inequalities within the workforce found in Latin America, diving into specific cases found in Argentina. Sharing our research findings regarding the gender pay gap, women in the medical field, and migrant worker conditions we connect gender, class, and other parts of society that create unfair and unjust working conditions. These problems can be found globally and the more we learn about how they are affecting specific parts of the world, the more we understand and the more change we can create.<\/p>\n\n\n\n<figure class=\"wp-block-audio\"><audio controls src=\"https:\/\/blog.uvm.edu\/HispanicWorlds\/files\/2026\/08\/Norah20Maddie20Roxy_small.mp3\"><\/audio><\/figure>\n<\/div><figure class=\"wp-block-media-text__media\"><img loading=\"lazy\" decoding=\"async\" width=\"1024\" height=\"1024\" src=\"https:\/\/blog.uvm.edu\/HispanicWorlds\/files\/2026\/08\/Logo_MundosHispanos-2-1024x1024.png\" alt=\"\" class=\"wp-image-178 size-full\" srcset=\"https:\/\/blog.uvm.edu\/HispanicWorlds\/files\/2026\/08\/Logo_MundosHispanos-2-1024x1024.png 1024w, https:\/\/blog.uvm.edu\/HispanicWorlds\/files\/2026\/08\/Logo_MundosHispanos-2-300x300.png 300w, https:\/\/blog.uvm.edu\/HispanicWorlds\/files\/2026\/08\/Logo_MundosHispanos-2-150x150.png 150w, https:\/\/blog.uvm.edu\/HispanicWorlds\/files\/2026\/08\/Logo_MundosHispanos-2-768x768.png 768w, https:\/\/blog.uvm.edu\/HispanicWorlds\/files\/2026\/08\/Logo_MundosHispanos-2-290x290.png 290w, https:\/\/blog.uvm.edu\/HispanicWorlds\/files\/2026\/08\/Logo_MundosHispanos-2.png 1254w\" sizes=\"auto, (max-width: 1024px) 100vw, 1024px\" \/><\/figure><\/div>\n\n\n\n<hr class=\"wp-block-separator has-alpha-channel-opacity\" \/>\n\n\n\n<hr class=\"wp-block-separator has-alpha-channel-opacity\" \/>\n\n\n\n<h5 class=\"wp-block-heading has-text-align-center has-large-font-size\" id=\"Podcast_17\" style=\"font-style:normal;font-weight:1000;text-decoration:none\">Podcast 17 by Schilling &amp; Schmidt<\/h5>\n\n\n\n<h2 class=\"wp-block-heading has-text-align-center has-medium-font-size\" style=\"font-style:normal;font-weight:500\">T\u00edtulo: Intercambio M\u00e9dico y Art\u00edstico de Pa\u00edses Latino Americanos y Los Estados Unidos<\/h2>\n\n\n\n<h2 class=\"wp-block-heading has-text-align-center has-medium-font-size\" style=\"font-style:normal;font-weight:500\">Title: Medical and Artistic Exchanges of Latin American Countries and the United States<\/h2>\n\n\n\n<div class=\"wp-block-media-text is-stacked-on-mobile\"><figure class=\"wp-block-media-text__media\"><img loading=\"lazy\" decoding=\"async\" width=\"1024\" height=\"1024\" src=\"https:\/\/blog.uvm.edu\/HispanicWorlds\/files\/2026\/08\/Logo_MundosHispanos-2-1024x1024.png\" alt=\"\" class=\"wp-image-178 size-full\" srcset=\"https:\/\/blog.uvm.edu\/HispanicWorlds\/files\/2026\/08\/Logo_MundosHispanos-2-1024x1024.png 1024w, https:\/\/blog.uvm.edu\/HispanicWorlds\/files\/2026\/08\/Logo_MundosHispanos-2-300x300.png 300w, https:\/\/blog.uvm.edu\/HispanicWorlds\/files\/2026\/08\/Logo_MundosHispanos-2-150x150.png 150w, https:\/\/blog.uvm.edu\/HispanicWorlds\/files\/2026\/08\/Logo_MundosHispanos-2-768x768.png 768w, https:\/\/blog.uvm.edu\/HispanicWorlds\/files\/2026\/08\/Logo_MundosHispanos-2-290x290.png 290w, https:\/\/blog.uvm.edu\/HispanicWorlds\/files\/2026\/08\/Logo_MundosHispanos-2.png 1254w\" sizes=\"auto, (max-width: 1024px) 100vw, 1024px\" \/><\/figure><div class=\"wp-block-media-text__content\">\n<p class=\"has-small-font-size wp-block-paragraph\">In this podcast, we explored the Cuban energy crisis, discussing how USAID and other organizations have stopped supplying funding to Cuba, and we talked about the protests that are occurring in Cuba, including the different organizations and ongoing movements. We also talked about the history of the relationship between the Cuban and Honduran medical brigades, the ongoing issues, and different ways that countries can provide medical care for each other. Finally, we talked about the way in which music acts to unify American and Latinos, specifically how Bad Bunny is merging Latin music with American music and combining the United States and Puerto Rican cultures.<\/p>\n\n\n\n<figure class=\"wp-block-audio\"><audio controls src=\"https:\/\/blog.uvm.edu\/HispanicWorlds\/files\/2026\/08\/Elliot_Mac.mp3\"><\/audio><\/figure>\n<\/div><\/div>\n\n\n\n<hr class=\"wp-block-separator has-alpha-channel-opacity\" \/>\n\n\n\n<hr class=\"wp-block-separator has-alpha-channel-opacity\" \/>\n\n\n\n<h5 class=\"wp-block-heading has-text-align-center has-large-font-size\" id=\"Podcast_16\" style=\"font-style:normal;font-weight:1000;text-decoration:none\">Podcast 16 by Feltz &amp; Linderoth<\/h5>\n\n\n\n<h2 class=\"wp-block-heading has-text-align-center has-medium-font-size\" style=\"font-style:normal;font-weight:500\">T\u00edtulo: El uso de internet en Latinoam\u00e9rica, la explotaci\u00f3n de la Amazon\u00eda colombiana, la organizaci\u00f3n Uniendo Sabores, y las innovaciones guatemaltecas de energ\u00eda renovable<\/h2>\n\n\n\n<h2 class=\"wp-block-heading has-text-align-center has-medium-font-size\" style=\"font-style:normal;font-weight:500\">Title: The use of the internet in Latin America, the exploitation of the Colombian Amazon, the organization Uniendo Sabores, and Guatemalan renewable energy innovations<\/h2>\n<\/div>\n\n\n\n<div class=\"wp-block-media-text has-media-on-the-right is-stacked-on-mobile\"><div class=\"wp-block-media-text__content\">\n<p class=\"has-small-font-size wp-block-paragraph\">This episode dives into four fascinating topics important to the Spanish-speaking world. We discuss technology, immigration, and the environment, as well as the impacts of these issues in various Spanish-speaking countries, and how they are being faced by citizens and governments. We encourage our listeners to do&nbsp;additional&nbsp;research on the topics, as more knowledge and understanding can help change the future!<\/p>\n\n\n\n<figure class=\"wp-block-audio\"><audio controls src=\"http:\/\/blog.uvm.edu\/HispanicWorlds\/files\/2026\/08\/Lucy_Celia_smaller.mp3\"><\/audio><\/figure>\n<\/div><figure class=\"wp-block-media-text__media\"><img loading=\"lazy\" decoding=\"async\" width=\"1024\" height=\"1024\" src=\"https:\/\/blog.uvm.edu\/HispanicWorlds\/files\/2026\/08\/Logo_MundosHispanos-2-1024x1024.png\" alt=\"\" class=\"wp-image-178 size-full\" srcset=\"https:\/\/blog.uvm.edu\/HispanicWorlds\/files\/2026\/08\/Logo_MundosHispanos-2-1024x1024.png 1024w, https:\/\/blog.uvm.edu\/HispanicWorlds\/files\/2026\/08\/Logo_MundosHispanos-2-300x300.png 300w, https:\/\/blog.uvm.edu\/HispanicWorlds\/files\/2026\/08\/Logo_MundosHispanos-2-150x150.png 150w, https:\/\/blog.uvm.edu\/HispanicWorlds\/files\/2026\/08\/Logo_MundosHispanos-2-768x768.png 768w, https:\/\/blog.uvm.edu\/HispanicWorlds\/files\/2026\/08\/Logo_MundosHispanos-2-290x290.png 290w, https:\/\/blog.uvm.edu\/HispanicWorlds\/files\/2026\/08\/Logo_MundosHispanos-2.png 1254w\" sizes=\"auto, (max-width: 1024px) 100vw, 1024px\" \/><\/figure><\/div>\n\n\n\n<hr class=\"wp-block-separator has-alpha-channel-opacity\" \/>\n\n\n\n<hr class=\"wp-block-separator has-alpha-channel-opacity\" \/>\n\n\n\n<h5 class=\"wp-block-heading has-text-align-center has-large-font-size\" id=\"Podcast_15\" style=\"font-style:normal;font-weight:1000;text-decoration:none\">Podcast 15 by Briggs &amp; Kealey<\/h5>\n\n\n\n<div class=\"wp-block-group is-vertical is-content-justification-center is-layout-flex wp-container-core-group-is-layout-20d0575b wp-block-group-is-layout-flex\">\n<h2 class=\"wp-block-heading has-text-align-center has-medium-font-size\" style=\"font-style:normal;font-weight:500\">T\u00edtulo: Bad Bunny, La Idioma y Dialecto, El Flamenco, y Las Carreras de F1&nbsp;en Mexico<\/h2>\n\n\n\n<h2 class=\"wp-block-heading has-text-align-center has-medium-font-size\" style=\"font-style:normal;font-weight:500\">Title: Bad Bunny, Language and Dialect, Flamenco, and Formula 1 Racing&nbsp;in Mexico<\/h2>\n<\/div>\n\n\n\n<div class=\"wp-block-media-text is-stacked-on-mobile\"><figure class=\"wp-block-media-text__media\"><img loading=\"lazy\" decoding=\"async\" width=\"1024\" height=\"1024\" src=\"https:\/\/blog.uvm.edu\/HispanicWorlds\/files\/2026\/08\/Logo_MundosHispanos-2-1024x1024.png\" alt=\"\" class=\"wp-image-178 size-full\" srcset=\"https:\/\/blog.uvm.edu\/HispanicWorlds\/files\/2026\/08\/Logo_MundosHispanos-2-1024x1024.png 1024w, https:\/\/blog.uvm.edu\/HispanicWorlds\/files\/2026\/08\/Logo_MundosHispanos-2-300x300.png 300w, https:\/\/blog.uvm.edu\/HispanicWorlds\/files\/2026\/08\/Logo_MundosHispanos-2-150x150.png 150w, https:\/\/blog.uvm.edu\/HispanicWorlds\/files\/2026\/08\/Logo_MundosHispanos-2-768x768.png 768w, https:\/\/blog.uvm.edu\/HispanicWorlds\/files\/2026\/08\/Logo_MundosHispanos-2-290x290.png 290w, https:\/\/blog.uvm.edu\/HispanicWorlds\/files\/2026\/08\/Logo_MundosHispanos-2.png 1254w\" sizes=\"auto, (max-width: 1024px) 100vw, 1024px\" \/><\/figure><div class=\"wp-block-media-text__content\">\n<p class=\"has-small-font-size wp-block-paragraph\">&nbsp;This episode covers various interesting topics in relation to Hispanic Culture and history. First, the episode features a segment about Bad Bunny and his influence,&nbsp;then leading into&nbsp;the importance of language and dialect to cultural identity. Next, we talk about the history and cultural importance of Flamenco dancing, and&nbsp;we finish off the episode by discussing&nbsp;the history&nbsp;and cultural importance&nbsp;of&nbsp;the Formula 1 Racing track in Mexico City.<\/p>\n\n\n\n<figure class=\"wp-block-audio\"><audio controls src=\"https:\/\/blog.uvm.edu\/HispanicWorlds\/files\/2026\/08\/Killian_Beatrice.mp3\"><\/audio><\/figure>\n<\/div><\/div>\n<\/div>\n<\/div><\/div>\n\n\n\n<div class=\"wp-block-group is-vertical is-content-justification-center is-layout-flex wp-container-core-group-is-layout-524f8de7 wp-block-group-is-layout-flex\">\n<hr class=\"wp-block-separator has-alpha-channel-opacity\" \/>\n\n\n\n<hr class=\"wp-block-separator has-alpha-channel-opacity\" \/>\n\n\n\n<h5 class=\"wp-block-heading has-text-align-center has-large-font-size\" id=\"Podcast_14\" style=\"font-style:normal;font-weight:1000;text-decoration:none\">Podcast 14 by Brujan &amp; Fattal<\/h5>\n\n\n\n<h2 class=\"wp-block-heading has-text-align-center has-medium-font-size\" style=\"font-style:normal;font-weight:500\">T\u00edtulo: La Ciencia del Turismo<\/h2>\n\n\n\n<h2 class=\"wp-block-heading has-text-align-center has-medium-font-size\" style=\"font-style:normal;font-weight:500\">Title: The Science of Tourism<\/h2>\n<\/div>\n\n\n\n<div class=\"wp-block-media-text has-media-on-the-right is-stacked-on-mobile\"><div class=\"wp-block-media-text__content\">\n<p class=\"has-small-font-size wp-block-paragraph\">This episode is about science and technology, as well as traveling and tourism. It begins with describing the data package crisis that Cubans are dealing with, which is followed by a discussion about the Mexican inventor, Guillermo Gonz\u00e1lez Camarena and his creation of colored television. Then we move onto tourism as there is a small island in Spain that is restricted from tourism, but the national parks of Costa Rica and Chile are beautiful and famous tourist areas. We then ended the podcast with the relevance of the topics within Vermont.<\/p>\n\n\n\n<figure class=\"wp-block-audio\"><audio controls src=\"https:\/\/blog.uvm.edu\/HispanicWorlds\/files\/2026\/08\/Joyel_Jack.mp3\"><\/audio><\/figure>\n<\/div><figure class=\"wp-block-media-text__media\"><img loading=\"lazy\" decoding=\"async\" width=\"1024\" height=\"1024\" src=\"https:\/\/blog.uvm.edu\/HispanicWorlds\/files\/2026\/08\/Logo_MundosHispanos-2-1024x1024.png\" alt=\"\" class=\"wp-image-178 size-full\" srcset=\"https:\/\/blog.uvm.edu\/HispanicWorlds\/files\/2026\/08\/Logo_MundosHispanos-2-1024x1024.png 1024w, https:\/\/blog.uvm.edu\/HispanicWorlds\/files\/2026\/08\/Logo_MundosHispanos-2-300x300.png 300w, https:\/\/blog.uvm.edu\/HispanicWorlds\/files\/2026\/08\/Logo_MundosHispanos-2-150x150.png 150w, https:\/\/blog.uvm.edu\/HispanicWorlds\/files\/2026\/08\/Logo_MundosHispanos-2-768x768.png 768w, https:\/\/blog.uvm.edu\/HispanicWorlds\/files\/2026\/08\/Logo_MundosHispanos-2-290x290.png 290w, https:\/\/blog.uvm.edu\/HispanicWorlds\/files\/2026\/08\/Logo_MundosHispanos-2.png 1254w\" sizes=\"auto, (max-width: 1024px) 100vw, 1024px\" \/><\/figure><\/div>\n\n\n\n<hr class=\"wp-block-separator has-alpha-channel-opacity\" \/>\n\n\n\n<hr class=\"wp-block-separator has-alpha-channel-opacity\" \/>\n\n\n\n<h5 class=\"wp-block-heading has-text-align-center has-large-font-size\" id=\"Podcast_13\" style=\"font-style:normal;font-weight:1000;text-decoration:none\">Podcast 13 by Lipari &amp; Lanovoi<\/h5>\n\n\n\n<h2 class=\"wp-block-heading has-text-align-center has-medium-font-size\" style=\"font-style:normal;font-weight:500\">T\u00edtulo: Espa\u00f1a definida por su historia y culturas<\/h2>\n\n\n\n<h2 class=\"wp-block-heading has-text-align-center has-medium-font-size\" style=\"font-style:normal;font-weight:500\">Title: Spain defined by its History and Cultures<\/h2>\n\n\n\n<div class=\"wp-block-media-text is-stacked-on-mobile\"><figure class=\"wp-block-media-text__media\"><img loading=\"lazy\" decoding=\"async\" width=\"1024\" height=\"1024\" src=\"https:\/\/blog.uvm.edu\/HispanicWorlds\/files\/2026\/08\/Logo_MundosHispanos-2-1024x1024.png\" alt=\"\" class=\"wp-image-178 size-full\" srcset=\"https:\/\/blog.uvm.edu\/HispanicWorlds\/files\/2026\/08\/Logo_MundosHispanos-2-1024x1024.png 1024w, https:\/\/blog.uvm.edu\/HispanicWorlds\/files\/2026\/08\/Logo_MundosHispanos-2-300x300.png 300w, https:\/\/blog.uvm.edu\/HispanicWorlds\/files\/2026\/08\/Logo_MundosHispanos-2-150x150.png 150w, https:\/\/blog.uvm.edu\/HispanicWorlds\/files\/2026\/08\/Logo_MundosHispanos-2-768x768.png 768w, https:\/\/blog.uvm.edu\/HispanicWorlds\/files\/2026\/08\/Logo_MundosHispanos-2-290x290.png 290w, https:\/\/blog.uvm.edu\/HispanicWorlds\/files\/2026\/08\/Logo_MundosHispanos-2.png 1254w\" sizes=\"auto, (max-width: 1024px) 100vw, 1024px\" \/><\/figure><div class=\"wp-block-media-text__content\">\n<p class=\"has-small-font-size wp-block-paragraph\">Joined by Hunter Lipari and Reese Lanovoi, this podcast is a glimpse into the rich tapestry of Spain, through the lens of its more recent history and current culture. From our start with the history behind the division of Spain\u2019s provinces to the exploration of Gaud\u00ed\u2019s most famous architectural work, we work to express the nuances and their implications in the now. This enriching conversation is a love letter to Spanish culture and its freedom.<\/p>\n\n\n\n<figure class=\"wp-block-audio\"><audio controls src=\"http:\/\/blog.uvm.edu\/HispanicWorlds\/files\/2026\/08\/Hunter_Reese.mp3\"><\/audio><\/figure>\n<\/div><\/div>\n<\/div>\n<\/div><\/div>\n\n\n\n<hr class=\"wp-block-separator has-alpha-channel-opacity\" \/>\n\n\n\n<hr class=\"wp-block-separator has-alpha-channel-opacity\" \/>\n\n\n\n<h5 class=\"wp-block-heading has-text-align-center has-large-font-size\" id=\"Podcast_12\" style=\"font-style:normal;font-weight:1000;text-decoration:none\">Podcast 12 by Carey &amp; Blending<\/h5>\n\n\n\n<h2 class=\"wp-block-heading has-text-align-center has-medium-font-size\" style=\"font-style:normal;font-weight:500\">T\u00edtulo: Desaf\u00edos Politicos y Sociales en las Comunidades Hispanas<\/h2>\n\n\n\n<h2 class=\"wp-block-heading has-text-align-center has-medium-font-size\" style=\"font-style:normal;font-weight:500\">Title: Political and Social Challenges in Hispanic Communities<\/h2>\n<\/div>\n\n\n\n<div class=\"wp-block-media-text has-media-on-the-right is-stacked-on-mobile\"><div class=\"wp-block-media-text__content\">\n<p class=\"has-small-font-size wp-block-paragraph\">This episode of&nbsp;Mundos&nbsp;Hispanos covers multiple political current events internationally and locally between the United States and Latin America. We begin addressing the increasing violence of the US Immigration and Customs Enforcement agency, diving into both its impacts and response. Then, we discuss the role of US intervention in Venezuela\u2019s unstable political situation, as well as its effects on the current Cuban economy.<\/p>\n\n\n\n<figure class=\"wp-block-audio\"><audio controls src=\"https:\/\/blog.uvm.edu\/HispanicWorlds\/files\/2026\/08\/Elizabeth_Cleo.mp3\"><\/audio><\/figure>\n<\/div><figure class=\"wp-block-media-text__media\"><img loading=\"lazy\" decoding=\"async\" width=\"1024\" height=\"1024\" src=\"https:\/\/blog.uvm.edu\/HispanicWorlds\/files\/2026\/08\/Logo_MundosHispanos-2-1024x1024.png\" alt=\"\" class=\"wp-image-178 size-full\" srcset=\"https:\/\/blog.uvm.edu\/HispanicWorlds\/files\/2026\/08\/Logo_MundosHispanos-2-1024x1024.png 1024w, https:\/\/blog.uvm.edu\/HispanicWorlds\/files\/2026\/08\/Logo_MundosHispanos-2-300x300.png 300w, https:\/\/blog.uvm.edu\/HispanicWorlds\/files\/2026\/08\/Logo_MundosHispanos-2-150x150.png 150w, https:\/\/blog.uvm.edu\/HispanicWorlds\/files\/2026\/08\/Logo_MundosHispanos-2-768x768.png 768w, https:\/\/blog.uvm.edu\/HispanicWorlds\/files\/2026\/08\/Logo_MundosHispanos-2-290x290.png 290w, https:\/\/blog.uvm.edu\/HispanicWorlds\/files\/2026\/08\/Logo_MundosHispanos-2.png 1254w\" sizes=\"auto, (max-width: 1024px) 100vw, 1024px\" \/><\/figure><\/div>\n\n\n\n<hr class=\"wp-block-separator has-alpha-channel-opacity\" \/>\n\n\n\n<hr class=\"wp-block-separator has-alpha-channel-opacity\" \/>\n\n\n\n<h5 id=\"Podcast_11\" class=\"wp-block-heading has-large-font-size\" style=\"font-style:normal;font-weight:1000;text-decoration:none\">Podcast 11 by Hayden &amp; Avery<\/h5>\n\n\n\n<h2 class=\"wp-block-heading has-text-align-center has-medium-font-size\" style=\"font-style:normal;font-weight:500\">T\u00edtulo: Las complejidades del \u201cSue\u00f1o Americano\u201d, la inmigraci\u00f3n y la asimilaci\u00f3n en los Estados Unidos<\/h2>\n\n\n\n<h2 class=\"wp-block-heading has-text-align-center has-medium-font-size\" style=\"font-style:normal;font-weight:500\">Title: The Complexities of the &#8220;American Dream&#8221;, immigration, and assimilation in the United States<\/h2>\n\n\n\n<div class=\"wp-block-media-text is-stacked-on-mobile\"><figure class=\"wp-block-media-text__media\"><img loading=\"lazy\" decoding=\"async\" width=\"1024\" height=\"1024\" src=\"https:\/\/blog.uvm.edu\/HispanicWorlds\/files\/2026\/08\/Logo_MundosHispanos-2-1024x1024.png\" alt=\"\" class=\"wp-image-178 size-full\" srcset=\"https:\/\/blog.uvm.edu\/HispanicWorlds\/files\/2026\/08\/Logo_MundosHispanos-2-1024x1024.png 1024w, https:\/\/blog.uvm.edu\/HispanicWorlds\/files\/2026\/08\/Logo_MundosHispanos-2-300x300.png 300w, https:\/\/blog.uvm.edu\/HispanicWorlds\/files\/2026\/08\/Logo_MundosHispanos-2-150x150.png 150w, https:\/\/blog.uvm.edu\/HispanicWorlds\/files\/2026\/08\/Logo_MundosHispanos-2-768x768.png 768w, https:\/\/blog.uvm.edu\/HispanicWorlds\/files\/2026\/08\/Logo_MundosHispanos-2-290x290.png 290w, https:\/\/blog.uvm.edu\/HispanicWorlds\/files\/2026\/08\/Logo_MundosHispanos-2.png 1254w\" sizes=\"auto, (max-width: 1024px) 100vw, 1024px\" \/><\/figure><div class=\"wp-block-media-text__content\">\n<p class=\"has-small-font-size wp-block-paragraph\">&nbsp;This episode of&nbsp;<em>Hispanic Worlds<\/em>&nbsp;explores how the American Dream can shape immigrants\u2019 expectations of life in the United States. It examines the social and cultural challenges of assimilation while considering the tension between preserving identity and adapting to a new environment. The conversation also reflects on the United States as a cultural \u201cmosaic\u201d formed through diverse perspectives and experiences.<\/p>\n\n\n\n<figure class=\"wp-block-audio\"><audio controls src=\"https:\/\/blog.uvm.edu\/HispanicWorlds\/files\/2026\/08\/Hayden_Avery.mp3\"><\/audio><\/figure>\n<\/div><\/div>\n<\/div>\n<\/div><\/div>\n\n\n\n<hr class=\"wp-block-separator has-alpha-channel-opacity\" \/>\n\n\n\n<hr class=\"wp-block-separator has-alpha-channel-opacity\" \/>\n\n\n\n<h5 class=\"wp-block-heading has-text-align-center has-large-font-size\" id=\"Podcast_10\" style=\"font-style:normal;font-weight:1000;text-decoration:none\">Podcast 10 by Caroline Melmed<\/h5>\n\n\n\n<h2 class=\"wp-block-heading has-text-align-center has-medium-font-size\" style=\"font-style:normal;font-weight:500\">T\u00edtulo: La Musica de Argentina<\/h2>\n\n\n\n<h2 class=\"wp-block-heading has-text-align-center has-medium-font-size\" style=\"font-style:normal;font-weight:500\">Title: The Music of Argentina<\/h2>\n<\/div>\n\n\n\n<div class=\"wp-block-media-text has-media-on-the-right is-stacked-on-mobile\"><div class=\"wp-block-media-text__content\">\n<p class=\"has-small-font-size wp-block-paragraph\">Music is part of society and culture, and it is a way to learn from other people and how we express ourselves. This podcast focuses on the music of Argentina. We will listen to different types of genres and learn about the history of the music. We will talk about the background of Argentina and what influenced these types of music to form. This podcast talks about the cultural significance of music and how it is used as a form of expression, along with its impact on the United States.<\/p>\n\n\n\n<figure class=\"wp-block-audio\"><audio controls src=\"https:\/\/blog.uvm.edu\/HispanicWorlds\/files\/2026\/08\/Caroline_Melmed.mp3\"><\/audio><\/figure>\n<\/div><figure class=\"wp-block-media-text__media\"><img loading=\"lazy\" decoding=\"async\" width=\"1024\" height=\"1024\" src=\"https:\/\/blog.uvm.edu\/HispanicWorlds\/files\/2026\/08\/Logo_MundosHispanos-2-1024x1024.png\" alt=\"\" class=\"wp-image-178 size-full\" srcset=\"https:\/\/blog.uvm.edu\/HispanicWorlds\/files\/2026\/08\/Logo_MundosHispanos-2-1024x1024.png 1024w, https:\/\/blog.uvm.edu\/HispanicWorlds\/files\/2026\/08\/Logo_MundosHispanos-2-300x300.png 300w, https:\/\/blog.uvm.edu\/HispanicWorlds\/files\/2026\/08\/Logo_MundosHispanos-2-150x150.png 150w, https:\/\/blog.uvm.edu\/HispanicWorlds\/files\/2026\/08\/Logo_MundosHispanos-2-768x768.png 768w, https:\/\/blog.uvm.edu\/HispanicWorlds\/files\/2026\/08\/Logo_MundosHispanos-2-290x290.png 290w, https:\/\/blog.uvm.edu\/HispanicWorlds\/files\/2026\/08\/Logo_MundosHispanos-2.png 1254w\" sizes=\"auto, (max-width: 1024px) 100vw, 1024px\" \/><\/figure><\/div>\n\n\n\n<hr class=\"wp-block-separator has-alpha-channel-opacity\" \/>\n\n\n\n<hr class=\"wp-block-separator has-alpha-channel-opacity\" \/>\n\n\n\n<h5 id=\"Podcast_9\" class=\"wp-block-heading has-large-font-size\" style=\"font-style:normal;font-weight:1000;text-decoration:none\">Podcast 9 by Ava Ronning<\/h5>\n\n\n\n<h2 class=\"wp-block-heading has-text-align-center has-medium-font-size\" style=\"font-style:normal;font-weight:500\">T\u00edtulo: La Mezcla y la Diferencia de Culturas y Tradiciones<\/h2>\n\n\n\n<h2 class=\"wp-block-heading has-text-align-center has-medium-font-size\" style=\"font-style:normal;font-weight:500\">Title: The Mix and the Difference of Cultures and Traditions<\/h2>\n\n\n\n<div class=\"wp-block-media-text is-stacked-on-mobile\"><figure class=\"wp-block-media-text__media\"><img loading=\"lazy\" decoding=\"async\" width=\"1024\" height=\"1024\" src=\"https:\/\/blog.uvm.edu\/HispanicWorlds\/files\/2026\/08\/Logo_MundosHispanos-2-1024x1024.png\" alt=\"\" class=\"wp-image-178 size-full\" srcset=\"https:\/\/blog.uvm.edu\/HispanicWorlds\/files\/2026\/08\/Logo_MundosHispanos-2-1024x1024.png 1024w, https:\/\/blog.uvm.edu\/HispanicWorlds\/files\/2026\/08\/Logo_MundosHispanos-2-300x300.png 300w, https:\/\/blog.uvm.edu\/HispanicWorlds\/files\/2026\/08\/Logo_MundosHispanos-2-150x150.png 150w, https:\/\/blog.uvm.edu\/HispanicWorlds\/files\/2026\/08\/Logo_MundosHispanos-2-768x768.png 768w, https:\/\/blog.uvm.edu\/HispanicWorlds\/files\/2026\/08\/Logo_MundosHispanos-2-290x290.png 290w, https:\/\/blog.uvm.edu\/HispanicWorlds\/files\/2026\/08\/Logo_MundosHispanos-2.png 1254w\" sizes=\"auto, (max-width: 1024px) 100vw, 1024px\" \/><\/figure><div class=\"wp-block-media-text__content\">\n<p class=\"has-small-font-size wp-block-paragraph\">&nbsp;This podcast explores traditions originating in Mexico through the perspective of a second generation individual whose family grew up in Mexico. It assesses the blending of cultures throughout the world, and the way traditions from other countries are represented in the United States. There are many small details of unique traditions that are often not addressed and are often overlooked by many people.<\/p>\n\n\n\n<figure class=\"wp-block-audio\"><audio controls src=\"https:\/\/blog.uvm.edu\/HispanicWorlds\/files\/2026\/08\/Aca-Ronning.mp3\"><\/audio><\/figure>\n<\/div><\/div>\n<\/div>\n\n\n\n<hr class=\"wp-block-separator has-alpha-channel-opacity\" \/>\n\n\n\n<hr class=\"wp-block-separator has-alpha-channel-opacity\" \/>\n\n\n\n<h5 id=\"Podcast_8\" class=\"wp-block-heading has-large-font-size\" style=\"font-style:normal;font-weight:1000;text-decoration:none\">Podcast 8 by Jonas Tenzer<\/h5>\n\n\n\n<h2 class=\"wp-block-heading has-text-align-center has-medium-font-size\" style=\"font-style:normal;font-weight:500\">T\u00edtulo: Las Mujeres de Juchit\u00e1n: Identidad, Cultura y Resistencia en Oaxaca<\/h2>\n\n\n\n<h2 class=\"wp-block-heading has-text-align-center has-medium-font-size\" style=\"font-style:normal;font-weight:500\">Title: The Women of Juchit\u00e1n: Identity, Culture, and Resistance in Oaxaca<\/h2>\n\n\n\n<div class=\"wp-block-media-text has-media-on-the-right is-stacked-on-mobile\"><div class=\"wp-block-media-text__content\">\n<p class=\"has-small-font-size wp-block-paragraph\">In this episode of Mundos Hispanos, I explore Juchit\u00e1n de Zaragoza, a small indigenous city in the state of Oaxaca, Mexico. Known for its powerful women, its vibrant festivals, and its acceptance of the muxes \u2014 a third gender rooted in Zapotec culture \u2014 Juchit\u00e1n is a remarkable example of a community that has protected its identity, language, and traditions for centuries. I cover the city&#8217;s matrifocal economy, its unique cultural practices, and the broader history of the Zapotec people, from the ancient ruins of Monte Alb\u00e1n to the Spanish conquest and beyond. Produced for SPAN 2100 at the University of Vermont and published through The Vermont Cynic.<\/p>\n\n\n\n<figure class=\"wp-block-audio\"><audio controls src=\"https:\/\/blog.uvm.edu\/HispanicWorlds\/files\/2026\/08\/Jonas_Tenzer-1.mp3\"><\/audio><\/figure>\n<\/div><figure class=\"wp-block-media-text__media\"><img loading=\"lazy\" decoding=\"async\" width=\"1024\" height=\"1024\" src=\"https:\/\/blog.uvm.edu\/HispanicWorlds\/files\/2026\/08\/Logo_MundosHispanos-2-1024x1024.png\" alt=\"\" class=\"wp-image-178 size-full\" srcset=\"https:\/\/blog.uvm.edu\/HispanicWorlds\/files\/2026\/08\/Logo_MundosHispanos-2-1024x1024.png 1024w, https:\/\/blog.uvm.edu\/HispanicWorlds\/files\/2026\/08\/Logo_MundosHispanos-2-300x300.png 300w, https:\/\/blog.uvm.edu\/HispanicWorlds\/files\/2026\/08\/Logo_MundosHispanos-2-150x150.png 150w, https:\/\/blog.uvm.edu\/HispanicWorlds\/files\/2026\/08\/Logo_MundosHispanos-2-768x768.png 768w, https:\/\/blog.uvm.edu\/HispanicWorlds\/files\/2026\/08\/Logo_MundosHispanos-2-290x290.png 290w, https:\/\/blog.uvm.edu\/HispanicWorlds\/files\/2026\/08\/Logo_MundosHispanos-2.png 1254w\" sizes=\"auto, (max-width: 1024px) 100vw, 1024px\" \/><\/figure><\/div>\n<\/div>\n<\/div><\/div>\n\n\n\n<hr class=\"wp-block-separator has-alpha-channel-opacity\" \/>\n\n\n\n<hr class=\"wp-block-separator has-alpha-channel-opacity\" \/>\n\n\n\n<h5 id=\"Podcast_7\" class=\"wp-block-heading has-large-font-size\" style=\"font-style:normal;font-weight:600\">Podcast 7 by Isaac Graubard<\/h5>\n\n\n\n<h2 class=\"wp-block-heading has-text-align-center has-medium-font-size\" style=\"font-style:normal;font-weight:500\">T\u00edtulo: Ra\u00edces caribe\u00f1as: Puerto Rico, Rep\u00fablica Dominicana y Cuba&nbsp;<\/h2>\n\n\n\n<h2 class=\"wp-block-heading has-text-align-center has-medium-font-size\" style=\"font-style:normal;font-weight:500\">Tile: Caribbean Roots: Puerto Rico, Dominican Republic, and Cuba&nbsp;<\/h2>\n\n\n\n<div class=\"wp-block-media-text has-media-on-the-right is-stacked-on-mobile\"><div class=\"wp-block-media-text__content\">\n<p class=\"wp-block-paragraph\">In this episode of Mundos Hispanos, we explore the ethnic heritage of the Caribbean through the histories and cultures of Puerto Rico, Cuba, and the Dominican Republic. Each island has been shaped by a mix of indigenous, European, and African influences that can be seen today in its food, music, and traditions. From Puerto Rico\u2019s diverse landscapes and complex political identity to Cuba&#8217;s history of sugar, rum, and revolution, to the Dominican Republic&#8217;s agricultural roots and passion for baseball, these three islands share a common thread of resilience and cultural pride. Music genres like salsa, merengue, and reggaeton serve as a reminder that Caribbean culture extends far beyond the islands themselves, resonating with communities around the world.<\/p>\n\n\n\n<figure class=\"wp-block-audio\"><audio controls src=\"https:\/\/blog.uvm.edu\/HispanicWorlds\/files\/2026\/08\/Isaac_Graubard-1.mp3\"><\/audio><\/figure>\n<\/div><figure class=\"wp-block-media-text__media\"><img loading=\"lazy\" decoding=\"async\" width=\"1024\" height=\"1024\" src=\"https:\/\/blog.uvm.edu\/HispanicWorlds\/files\/2026\/08\/Logo_MundosHispanos-3-1024x1024.png\" alt=\"\" class=\"wp-image-187 size-full\" srcset=\"https:\/\/blog.uvm.edu\/HispanicWorlds\/files\/2026\/08\/Logo_MundosHispanos-3-1024x1024.png 1024w, https:\/\/blog.uvm.edu\/HispanicWorlds\/files\/2026\/08\/Logo_MundosHispanos-3-300x300.png 300w, https:\/\/blog.uvm.edu\/HispanicWorlds\/files\/2026\/08\/Logo_MundosHispanos-3-150x150.png 150w, https:\/\/blog.uvm.edu\/HispanicWorlds\/files\/2026\/08\/Logo_MundosHispanos-3-768x768.png 768w, https:\/\/blog.uvm.edu\/HispanicWorlds\/files\/2026\/08\/Logo_MundosHispanos-3-290x290.png 290w, https:\/\/blog.uvm.edu\/HispanicWorlds\/files\/2026\/08\/Logo_MundosHispanos-3.png 1254w\" sizes=\"auto, (max-width: 1024px) 100vw, 1024px\" \/><\/figure><\/div>\n\n\n\n<hr class=\"wp-block-separator has-alpha-channel-opacity\" \/>\n\n\n\n<hr class=\"wp-block-separator has-alpha-channel-opacity\" \/>\n\n\n\n<div class=\"wp-block-group is-vertical is-content-justification-center is-layout-flex wp-container-core-group-is-layout-524f8de7 wp-block-group-is-layout-flex\">\n<h2 id=\"Podcast_6\" class=\"wp-block-heading has-large-font-size\" style=\"font-style:normal;font-weight:600\">Podcast 6 by Nicolas Ordonez<\/h2>\n\n\n\n<h2 class=\"wp-block-heading has-medium-font-size\" style=\"font-style:normal;font-weight:500\">T\u00edtulo: La herencia e historia de los latinoamericanos en EE.UU.<\/h2>\n\n\n\n<h2 class=\"wp-block-heading has-medium-font-size\" style=\"font-style:normal;font-weight:500\">Title: The Heritage and History of Latin American people in U.S.A.<\/h2>\n\n\n\n<div class=\"wp-block-media-text is-stacked-on-mobile\"><figure class=\"wp-block-media-text__media\"><img decoding=\"async\" src=\"https:\/\/blog.uvm.edu\/HispanicWorlds\/files\/2026\/08\/Logo_MundosHispanos-4-1024x1024.png\" alt=\"\" class=\"wp-image-190 size-full\" \/><\/figure><div class=\"wp-block-media-text__content\">\n<p class=\"wp-block-paragraph\">This podcast explores the history of Latin American people in the United States, tracing their journeys, struggles, and contributions across generations. The episode highlights the influence of Latin American communities on U.S. culture, politics, music, labor, and identity while sharing personal stories of migration and resilience. Through historical context and lived experiences, the podcast celebrates the lasting impact of Latin American heritage in shaping American society.<\/p>\n\n\n\n<figure class=\"wp-block-audio\"><audio controls src=\"https:\/\/blog.uvm.edu\/HispanicWorlds\/files\/2026\/08\/Nicolas_Ordonez-1.mp3\"><\/audio><\/figure>\n<\/div><\/div>\n\n\n\n<hr class=\"wp-block-separator has-alpha-channel-opacity\" \/>\n<\/div>\n\n\n\n<hr class=\"wp-block-separator has-alpha-channel-opacity\" \/>\n\n\n\n<h2 id=\"Podcast_5\" class=\"wp-block-heading has-large-font-size\" style=\"font-style:normal;font-weight:600\">Podcast 5 by Finn Martin<\/h2>\n\n\n\n<h2 class=\"wp-block-heading has-medium-font-size\" style=\"font-style:normal;font-weight:500\">T\u00edtulo:&nbsp;La cultura gallega y su m\u00fasica.<\/h2>\n\n\n\n<h2 class=\"wp-block-heading has-medium-font-size\" style=\"font-style:normal;font-weight:500\">Title: Galician Culture and its Music&nbsp;<\/h2>\n\n\n\n<div class=\"wp-block-media-text has-media-on-the-right is-stacked-on-mobile\"><div class=\"wp-block-media-text__content\">\n<p class=\"wp-block-paragraph\">In this episode of Mundos Hispanos, Fin Martin (GSB, class of 2029) talks to his friend Pablo about what Galicia is all about: its culture, music, and the influences that intertwine in life there. Join Fin and give a listen to the traditional music of the region throughout the generations in Pablo&#8217;s family and learn about one of the most beautiful regions in Spain! Formed next to the crash of the ocean and alongside the sound of the gaita echoing through ancient stone villages, this episode is a window into a timeless and deeply alive corner of Spain.<\/p>\n\n\n\n<figure class=\"wp-block-audio\"><audio controls src=\"https:\/\/blog.uvm.edu\/HispanicWorlds\/files\/2026\/08\/Finn_Martin_converted1.mp3\"><\/audio><\/figure>\n<\/div><figure class=\"wp-block-media-text__media\"><img loading=\"lazy\" decoding=\"async\" width=\"1024\" height=\"1024\" src=\"https:\/\/blog.uvm.edu\/HispanicWorlds\/files\/2026\/08\/Logo_MundosHispanos-5-1024x1024.png\" alt=\"\" class=\"wp-image-192 size-full\" srcset=\"https:\/\/blog.uvm.edu\/HispanicWorlds\/files\/2026\/08\/Logo_MundosHispanos-5-1024x1024.png 1024w, https:\/\/blog.uvm.edu\/HispanicWorlds\/files\/2026\/08\/Logo_MundosHispanos-5-300x300.png 300w, https:\/\/blog.uvm.edu\/HispanicWorlds\/files\/2026\/08\/Logo_MundosHispanos-5-150x150.png 150w, https:\/\/blog.uvm.edu\/HispanicWorlds\/files\/2026\/08\/Logo_MundosHispanos-5-768x768.png 768w, https:\/\/blog.uvm.edu\/HispanicWorlds\/files\/2026\/08\/Logo_MundosHispanos-5-290x290.png 290w, https:\/\/blog.uvm.edu\/HispanicWorlds\/files\/2026\/08\/Logo_MundosHispanos-5.png 1254w\" sizes=\"auto, (max-width: 1024px) 100vw, 1024px\" \/><\/figure><\/div>\n\n\n\n<hr class=\"wp-block-separator has-alpha-channel-opacity\" \/>\n\n\n\n<hr class=\"wp-block-separator has-alpha-channel-opacity\" \/>\n\n\n\n<h2 id=\"Podcast_4\" class=\"wp-block-heading has-large-font-size\" style=\"font-style:normal;font-weight:600\">Podcast 4 by Clare Loukota<\/h2>\n\n\n\n<h2 class=\"wp-block-heading has-medium-font-size\" style=\"font-style:normal;font-weight:500\">T\u00edtulo: La Panamericana en Centro Am\u00e9rica<\/h2>\n\n\n\n<h2 class=\"wp-block-heading has-medium-font-size\" style=\"font-style:normal;font-weight:500\">Title: The Panamericana in Central America<\/h2>\n\n\n\n<div class=\"wp-block-media-text is-stacked-on-mobile\"><figure class=\"wp-block-media-text__media\"><img loading=\"lazy\" decoding=\"async\" width=\"1024\" height=\"1024\" src=\"https:\/\/blog.uvm.edu\/HispanicWorlds\/files\/2026\/08\/Logo_MundosHispanos-9-1024x1024.png\" alt=\"\" class=\"wp-image-199 size-full\" srcset=\"https:\/\/blog.uvm.edu\/HispanicWorlds\/files\/2026\/08\/Logo_MundosHispanos-9-1024x1024.png 1024w, https:\/\/blog.uvm.edu\/HispanicWorlds\/files\/2026\/08\/Logo_MundosHispanos-9-300x300.png 300w, https:\/\/blog.uvm.edu\/HispanicWorlds\/files\/2026\/08\/Logo_MundosHispanos-9-150x150.png 150w, https:\/\/blog.uvm.edu\/HispanicWorlds\/files\/2026\/08\/Logo_MundosHispanos-9-768x768.png 768w, https:\/\/blog.uvm.edu\/HispanicWorlds\/files\/2026\/08\/Logo_MundosHispanos-9-290x290.png 290w, https:\/\/blog.uvm.edu\/HispanicWorlds\/files\/2026\/08\/Logo_MundosHispanos-9.png 1254w\" sizes=\"auto, (max-width: 1024px) 100vw, 1024px\" \/><\/figure><div class=\"wp-block-media-text__content\">\n<p class=\"wp-block-paragraph\">This podcast explores the significance of the Pan-American Highway and its connection across Central America, highlighting its impact on countries, traditions, and celebrations. The podcast examines how the Panamericana shapes everyday life and regional identity in Central America.<\/p>\n\n\n\n<figure class=\"wp-block-audio\"><audio controls src=\"http:\/\/blog.uvm.edu\/HispanicWorlds\/files\/2026\/08\/Adobe-Express-Clare_Loukota.mp3\"><\/audio><\/figure>\n<\/div><\/div>\n\n\n\n<hr class=\"wp-block-separator has-alpha-channel-opacity\" \/>\n\n\n\n<hr class=\"wp-block-separator has-alpha-channel-opacity\" \/>\n\n\n\n<h2 id=\"Podcast_3\" class=\"wp-block-heading has-large-font-size\" style=\"font-style:normal;font-weight:600\">Podcast 3 by Theo Hummel<\/h2>\n\n\n\n<h2 class=\"wp-block-heading has-medium-font-size\" style=\"font-style:normal;font-weight:500\">T\u00edtulo: El impacto de la cultura latinoamericana en EE.UU.<\/h2>\n\n\n\n<h2 class=\"wp-block-heading has-medium-font-size\" style=\"font-style:normal;font-weight:500\">Title:&nbsp;The impact of Latin-American community in U.S.A.<\/h2>\n\n\n\n<div class=\"wp-block-media-text has-media-on-the-right is-stacked-on-mobile\"><div class=\"wp-block-media-text__content\">\n<p class=\"wp-block-paragraph\">This podcast explores the growing cultural influence of the Latin American community in the United States through the global impact of Bad Bunny and Latin music. Featuring an interview with Ashe, a Cuban immigrant, the episode highlights personal experiences of identity, representation, and belonging in the U.S. It also discusses how artists like Bad Bunny have helped bring Latin culture, language, and social issues into mainstream American media and entertainment.<\/p>\n\n\n\n<figure class=\"wp-block-audio\"><audio controls src=\"https:\/\/blog.uvm.edu\/HispanicWorlds\/files\/2026\/08\/Theo_Hummel-1.mp3\"><\/audio><\/figure>\n<\/div><figure class=\"wp-block-media-text__media\"><img loading=\"lazy\" decoding=\"async\" width=\"1024\" height=\"1024\" src=\"https:\/\/blog.uvm.edu\/HispanicWorlds\/files\/2026\/08\/Logo_MundosHispanos-8-1024x1024.png\" alt=\"\" class=\"wp-image-197 size-full\" srcset=\"https:\/\/blog.uvm.edu\/HispanicWorlds\/files\/2026\/08\/Logo_MundosHispanos-8-1024x1024.png 1024w, https:\/\/blog.uvm.edu\/HispanicWorlds\/files\/2026\/08\/Logo_MundosHispanos-8-300x300.png 300w, https:\/\/blog.uvm.edu\/HispanicWorlds\/files\/2026\/08\/Logo_MundosHispanos-8-150x150.png 150w, https:\/\/blog.uvm.edu\/HispanicWorlds\/files\/2026\/08\/Logo_MundosHispanos-8-768x768.png 768w, https:\/\/blog.uvm.edu\/HispanicWorlds\/files\/2026\/08\/Logo_MundosHispanos-8-290x290.png 290w, https:\/\/blog.uvm.edu\/HispanicWorlds\/files\/2026\/08\/Logo_MundosHispanos-8.png 1254w\" sizes=\"auto, (max-width: 1024px) 100vw, 1024px\" \/><\/figure><\/div>\n\n\n\n<hr class=\"wp-block-separator has-alpha-channel-opacity\" \/>\n\n\n\n<hr class=\"wp-block-separator has-alpha-channel-opacity\" \/>\n\n\n\n<h2 id=\"Podcast_2\" class=\"wp-block-heading has-large-font-size\">Podcast 2 by Whitney Dykstra<\/h2>\n\n\n\n<h2 class=\"wp-block-heading has-medium-font-size\" style=\"font-style:normal;font-weight:500\">T\u00edtulo: La Salsa: m\u00e1s que canciones y cantantes&nbsp;<\/h2>\n\n\n\n<h2 class=\"wp-block-heading has-medium-font-size\" style=\"font-style:normal;font-weight:500\">Title: Salsa: More Than Songs and Singers<\/h2>\n\n\n\n<div class=\"wp-block-media-text is-stacked-on-mobile\"><figure class=\"wp-block-media-text__media\"><img loading=\"lazy\" decoding=\"async\" width=\"1024\" height=\"1024\" src=\"https:\/\/blog.uvm.edu\/HispanicWorlds\/files\/2026\/08\/Logo_MundosHispanos-7-1024x1024.png\" alt=\"\" class=\"wp-image-195 size-full\" srcset=\"https:\/\/blog.uvm.edu\/HispanicWorlds\/files\/2026\/08\/Logo_MundosHispanos-7-1024x1024.png 1024w, https:\/\/blog.uvm.edu\/HispanicWorlds\/files\/2026\/08\/Logo_MundosHispanos-7-300x300.png 300w, https:\/\/blog.uvm.edu\/HispanicWorlds\/files\/2026\/08\/Logo_MundosHispanos-7-150x150.png 150w, https:\/\/blog.uvm.edu\/HispanicWorlds\/files\/2026\/08\/Logo_MundosHispanos-7-768x768.png 768w, https:\/\/blog.uvm.edu\/HispanicWorlds\/files\/2026\/08\/Logo_MundosHispanos-7-290x290.png 290w, https:\/\/blog.uvm.edu\/HispanicWorlds\/files\/2026\/08\/Logo_MundosHispanos-7.png 1254w\" sizes=\"auto, (max-width: 1024px) 100vw, 1024px\" \/><\/figure><div class=\"wp-block-media-text__content\">\n<p class=\"wp-block-paragraph\">This podcast episode explores the genre of music Salsa, mostly in the context of the United States. Going beyond the surface, it explores the history, traditions, communities and more which&nbsp;<em>have<\/em>&nbsp;influenced and&nbsp;<em>are<\/em>&nbsp;influenced by it. Some key points addressed during the episode relate to dancing, community, cultural resistance and more.<\/p>\n\n\n\n<figure class=\"wp-block-audio\"><audio controls src=\"https:\/\/blog.uvm.edu\/HispanicWorlds\/files\/2026\/08\/Whitney_Dykstra-1.mp3\"><\/audio><\/figure>\n<\/div><\/div>\n\n\n\n<hr class=\"wp-block-separator has-alpha-channel-opacity\" \/>\n\n\n\n<hr class=\"wp-block-separator has-alpha-channel-opacity\" \/>\n\n\n\n<h2 id=\"Podcast_1\" class=\"wp-block-heading has-large-font-size\">Podcast 1 by Angus Adams<\/h2>\n\n\n\n<h2 class=\"wp-block-heading has-text-align-center has-medium-font-size\" style=\"font-style:normal;font-weight:500\">Titulo: Administraci\u00f3n ambiental por la gente latinoamericana en Providence<\/h2>\n\n\n\n<h2 class=\"wp-block-heading has-text-align-center has-medium-font-size\" style=\"font-style:normal;font-weight:500\">Title: Rhode Island Environmental stewardship by Latino americanos in Providence Rhode Island<\/h2>\n\n\n\n<div class=\"wp-block-media-text has-media-on-the-right is-stacked-on-mobile\"><div class=\"wp-block-media-text__content\">\n<p class=\"wp-block-paragraph\">This podcast tells a brief story of Ricardo Hernandez and Maria Jose Gutierrez&#8217;s roles and responsibilities as environmentalists and community members in Providence, Rhode Island. The story follows their daily tasks, challenges and interests, and there main objectives in their work towards a more equitable future in the neighborhood of Olneyville, Providence. The second half of the podcast is a audio clip of Rhode Island nature that was recorded in Exeter, Rhode Island. It is put there for the listeners enjoyment and to serve as a reminder of the natural beauty that we have in Rhode Island. I hope you enjoy the episode!<\/p>\n\n\n\n<figure class=\"wp-block-audio\"><audio controls src=\"https:\/\/blog.uvm.edu\/HispanicWorlds\/files\/2026\/08\/Angus_Adams-1.mp3\"><\/audio><\/figure>\n<\/div><figure class=\"wp-block-media-text__media\"><img loading=\"lazy\" decoding=\"async\" width=\"1024\" height=\"1024\" src=\"https:\/\/blog.uvm.edu\/HispanicWorlds\/files\/2026\/08\/Logo_MundosHispanos-6-1024x1024.png\" alt=\"\" class=\"wp-image-193 size-full\" srcset=\"https:\/\/blog.uvm.edu\/HispanicWorlds\/files\/2026\/08\/Logo_MundosHispanos-6-1024x1024.png 1024w, https:\/\/blog.uvm.edu\/HispanicWorlds\/files\/2026\/08\/Logo_MundosHispanos-6-300x300.png 300w, https:\/\/blog.uvm.edu\/HispanicWorlds\/files\/2026\/08\/Logo_MundosHispanos-6-150x150.png 150w, https:\/\/blog.uvm.edu\/HispanicWorlds\/files\/2026\/08\/Logo_MundosHispanos-6-768x768.png 768w, https:\/\/blog.uvm.edu\/HispanicWorlds\/files\/2026\/08\/Logo_MundosHispanos-6-290x290.png 290w, https:\/\/blog.uvm.edu\/HispanicWorlds\/files\/2026\/08\/Logo_MundosHispanos-6.png 1254w\" sizes=\"auto, (max-width: 1024px) 100vw, 1024px\" \/><\/figure><\/div>\n<\/div>\n<\/div>\n<\/div>\n\n\n\n<!--more-->\n","protected":false},"excerpt":{"rendered":"<p>Welcome to the heart of Hispanic Worlds \u2014 our collection of student\u2011produced podcasts created at the University of Vermont (UVM). Here you\u2019ll find every episode recorded by our talented Spanish\u2011language students, each one offering a unique window into the stories, ideas, and voices that shape our community. Explore the episodes below, listen at your own [&hellip;]<\/p>\n","protected":false},"author":10440,"featured_media":0,"parent":0,"menu_order":0,"comment_status":"closed","ping_status":"closed","template":"","meta":{"footnotes":""},"class_list":["post-43","page","type-page","status-publish","hentry"],"_links":{"self":[{"href":"https:\/\/blog.uvm.edu\/HispanicWorlds\/wp-json\/wp\/v2\/pages\/43","targetHints":{"allow":["GET"]}}],"collection":[{"href":"https:\/\/blog.uvm.edu\/HispanicWorlds\/wp-json\/wp\/v2\/pages"}],"about":[{"href":"https:\/\/blog.uvm.edu\/HispanicWorlds\/wp-json\/wp\/v2\/types\/page"}],"author":[{"embeddable":true,"href":"https:\/\/blog.uvm.edu\/HispanicWorlds\/wp-json\/wp\/v2\/users\/10440"}],"replies":[{"embeddable":true,"href":"https:\/\/blog.uvm.edu\/HispanicWorlds\/wp-json\/wp\/v2\/comments?post=43"}],"version-history":[{"count":74,"href":"https:\/\/blog.uvm.edu\/HispanicWorlds\/wp-json\/wp\/v2\/pages\/43\/revisions"}],"predecessor-version":[{"id":323,"href":"https:\/\/blog.uvm.edu\/HispanicWorlds\/wp-json\/wp\/v2\/pages\/43\/revisions\/323"}],"wp:attachment":[{"href":"https:\/\/blog.uvm.edu\/HispanicWorlds\/wp-json\/wp\/v2\/media?parent=43"}],"curies":[{"name":"wp","href":"https:\/\/api.w.org\/{rel}","templated":true}]}}